{"id":1510,"date":"2017-08-15T15:18:23","date_gmt":"2017-08-15T18:18:23","guid":{"rendered":"http:\/\/ppgcc.ifce.edu.br\/?page_id=1510"},"modified":"2019-07-10T07:51:13","modified_gmt":"2019-07-10T10:51:13","slug":"cadastro-de-reserva-para-concessao-de-bolsas-edital-022017","status":"publish","type":"page","link":"https:\/\/ppgcc.ifce.edu.br\/?page_id=1510","title":{"rendered":"Cadastro de reserva para Concess\u00e3o de bolsas (EDITAL 02\/2019 PPGCC-IFCE)"},"content":{"rendered":"<p style=\"color: #454c43;\"><span style=\"color: #000000;\"><strong>INFORMA\u00c7\u00d5ES GERAIS<\/strong><\/span><\/p>\n<p style=\"color: #454c43;\">Est\u00e3o abertas as inscri\u00e7\u00f5es para o Cadastro de reserva para concess\u00e3o de bolsas do Mestrado em Ci\u00eancia da Computa\u00e7\u00e3o do Instituto Federal do Cear\u00e1\u00a0(PPGCC\/IFCE) para o semestre\u00a02019.2.<\/p>\n<p style=\"color: #454c43;\">Poder\u00e3o inscrever-se neste processo somente alunos regularmente matriculados no PPGCC\/IFCE, que obede\u00e7am aos seguintes crit\u00e9rios:<\/p>\n<ol>\n<li>N\u00e3o possuam reprova\u00e7\u00e3o alguma dentro do PPGCC-IFCE;<\/li>\n<li>N\u00e3o possuam nenhum tipo de vinculo empregat\u00edcio no ato de implementa\u00e7\u00e3o da bolsa, ou ao decorrer da mesma, seja este vinculo permanente ou tempor\u00e1rio, visto que o bolsista do PPGCC deve se dedicar exclusivamente \u00e0s suas atividades dentro deste programa de p\u00f3s-gradua\u00e7\u00e3o;<\/li>\n<li>Possuam m\u00e9dia igual ou superior \u00e0 7,0 nas disciplinas cursadas at\u00e9 o momento desta solicita\u00e7\u00e3o, devendo esta condi\u00e7\u00e3o ser obedecida no momento de implementa\u00e7\u00e3o da bolsa.<\/li>\n<\/ol>\n<p class=\"p1\" style=\"color: #454c43;\"><span style=\"color: #000000;\"><strong>DOCUMENTOS\u00a0<\/strong><\/span><\/p>\n<div class=\"page\" title=\"Page 1\">\n<div class=\"section\">\n<div class=\"layoutArea\">\n<div class=\"column\">\n<ul>\n<li>EDITAL 02\/2019 &#8211; Cadastro de Reserva para concess\u00e3o de bolsas PPGCC 2019.2 <div class='w3eden'><!-- WPDM Link Template: Default Template -->\n\n<div class=\"link-template-default card mb-2\">\n    <div class=\"card-body\">\n        <div class=\"media\">\n            <div class=\"mr-3 img-48\"><img decoding=\"async\" class=\"wpdm_icon\" alt=\"\u00edcone\" src=\"https:\/\/ppgcc.ifce.edu.br\/wp-content\/plugins\/download-manager\/assets\/file-type-icons\/pdf.svg\" \/><\/div>\n            <div class=\"media-body\">\n                <h3 class=\"package-title\"><a href='https:\/\/ppgcc.ifce.edu.br\/?wpdmpro=edital-012018-ppgccifce'>EDITAL 02\/2019 \u2013 PPGCC\/IFCE - Cadastro de reserva para bolsa<\/a><\/h3>\n                <div class=\"text-muted text-small\"><i class=\"fas fa-copy\"><\/i> 1  arquivo(s) <i class=\"fas fa-hdd ml-3\"><\/i> 445.56 KB<\/div>\n            <\/div>\n            <div class=\"ml-3\">\n                <a class='wpdm-download-link download-on-click btn btn-primary ' rel='nofollow' href='#' data-downloadurl=\"https:\/\/ppgcc.ifce.edu.br\/?wpdmpro=edital-012018-ppgccifce&wpdmdl=9710&refresh=69f2649b5a9d11777493147\">Download<\/a>\n            <\/div>\n        <\/div>\n    <\/div>\n<\/div>\n\n<\/div>\n<ul>\n<li>Anexo I &#8211; Modelo da tabela de pontua\u00e7\u00e3o pretendida pelo candidato: \u00a0<div class='w3eden'><!-- WPDM Link Template: Default Template -->\n\n<div class=\"link-template-default card mb-2\">\n    <div class=\"card-body\">\n        <div class=\"media\">\n            <div class=\"mr-3 img-48\"><img decoding=\"async\" class=\"wpdm_icon\" alt=\"\u00edcone\" src=\"https:\/\/ppgcc.ifce.edu.br\/wp-content\/plugins\/download-manager\/assets\/file-type-icons\/docx.svg\" \/><\/div>\n            <div class=\"media-body\">\n                <h3 class=\"package-title\"><a href='https:\/\/ppgcc.ifce.edu.br\/?wpdmpro=anexo-i-edital-cadastro-de-reserva-para-bolsas'>Anexo I - Edital Cadastro de reserva para bolsas<\/a><\/h3>\n                <div class=\"text-muted text-small\"><i class=\"fas fa-copy\"><\/i> 1  arquivo(s) <i class=\"fas fa-hdd ml-3\"><\/i> 23.94 KB<\/div>\n            <\/div>\n            <div class=\"ml-3\">\n                <a class='wpdm-download-link download-on-click btn btn-primary ' rel='nofollow' href='#' data-downloadurl=\"https:\/\/ppgcc.ifce.edu.br\/?wpdmpro=anexo-i-edital-cadastro-de-reserva-para-bolsas&wpdmdl=1464&refresh=69f2649b6aa9c1777493147\">Download<\/a>\n            <\/div>\n        <\/div>\n    <\/div>\n<\/div>\n\n<\/div><\/li>\n<\/ul>\n<\/li>\n<\/ul>\n<\/div>\n<\/div>\n<\/div>\n<\/div>\n<ul>\n<li>Per\u00edodo de inscri\u00e7\u00e3o \u00e9 15 a 19\/7\/2019\n<ul>\n<li><a href=\"http:\/\/ppgcc.ifce.edu.br\/?page_id=1135\"><strong>clique para acessar o formul\u00e1rio de inscri\u00e7\u00e3o<\/strong><\/a><\/li>\n<\/ul>\n<\/li>\n<\/ul>\n<div style=\"color: #454c43;\"><span style=\"color: #000000;\"><strong>DISTRIBUI\u00c7\u00c3O DAS BOLSAS\u00a0<\/strong><\/span><\/div>\n<p>As bolsas ser\u00e3o ofertadas \u00e0 medida que forem sendo disponibilizadas para a coordena\u00e7\u00e3o do PPGCC-IFCE pelos \u00f3rg\u00e3o de fomento, seguindo a ordem crescente de classifica\u00e7\u00e3o do resultado final deste edital.<\/p>\n<p>Como descrito no item 4.3 do referido edital, a\u00a0inscri\u00e7\u00e3o neste edital n\u00e3o garante a concess\u00e3o de bolsa, visto que as mesmas est\u00e3o na depend\u00eancia dos \u00f3rg\u00e3os de fomento, sendo este edital um cadastro de reserva contendo a classifica\u00e7\u00e3o de concess\u00e3o \u00e0 medida que as bolsas forem concedidas\/disponibilizadas ao PPGCC\/IFCE.<\/p>\n<div style=\"color: #454c43;\">\n<div style=\"color: #454c43;\"><span style=\"color: #000000;\"><strong>PROCEDIMENTO DE INSCRI\u00c7\u00c3O\u00a0<\/strong><\/span><\/div>\n<p>As inscri\u00e7\u00f5es devem ser realizadas via formul\u00e1rio eletr\u00f4nico na p\u00e1gina do PPGCC (<a href=\"http:\/\/ppgcc.ifce.edu.br\/?page_id=1135\"><strong>clique para acessar o formul\u00e1rio de inscri\u00e7\u00e3o<\/strong><\/a>), no per\u00edodo estipulado no cronograma do edital.<\/p>\n<\/div>\n","protected":false},"excerpt":{"rendered":"<p>INFORMA\u00c7\u00d5ES GERAIS Est\u00e3o abertas as inscri\u00e7\u00f5es para o Cadastro de reserva para concess\u00e3o de bolsas do Mestrado em Ci\u00eancia da Computa\u00e7\u00e3o do Instituto Federal do Cear\u00e1\u00a0(PPGCC\/IFCE) para o semestre\u00a02019.2. Poder\u00e3o inscrever-se neste processo somente alunos regularmente matriculados no PPGCC\/IFCE, que obede\u00e7am aos seguintes crit\u00e9rios: N\u00e3o possuam reprova\u00e7\u00e3o alguma dentro do PPGCC-IFCE; N\u00e3o possuam nenhum tipo [&hellip;]<\/p>\n","protected":false},"author":13,"featured_media":0,"parent":14,"menu_order":0,"comment_status":"closed","ping_status":"closed","template":"","meta":{"footnotes":""},"class_list":["post-1510","page","type-page","status-publish","hentry"],"_links":{"self":[{"href":"https:\/\/ppgcc.ifce.edu.br\/index.php?rest_route=\/wp\/v2\/pages\/1510","targetHints":{"allow":["GET"]}}],"collection":[{"href":"https:\/\/ppgcc.ifce.edu.br\/index.php?rest_route=\/wp\/v2\/pages"}],"about":[{"href":"https:\/\/ppgcc.ifce.edu.br\/index.php?rest_route=\/wp\/v2\/types\/page"}],"author":[{"embeddable":true,"href":"https:\/\/ppgcc.ifce.edu.br\/index.php?rest_route=\/wp\/v2\/users\/13"}],"replies":[{"embeddable":true,"href":"https:\/\/ppgcc.ifce.edu.br\/index.php?rest_route=%2Fwp%2Fv2%2Fcomments&post=1510"}],"version-history":[{"count":21,"href":"https:\/\/ppgcc.ifce.edu.br\/index.php?rest_route=\/wp\/v2\/pages\/1510\/revisions"}],"predecessor-version":[{"id":16082,"href":"https:\/\/ppgcc.ifce.edu.br\/index.php?rest_route=\/wp\/v2\/pages\/1510\/revisions\/16082"}],"up":[{"embeddable":true,"href":"https:\/\/ppgcc.ifce.edu.br\/index.php?rest_route=\/wp\/v2\/pages\/14"}],"wp:attachment":[{"href":"https:\/\/ppgcc.ifce.edu.br\/index.php?rest_route=%2Fwp%2Fv2%2Fmedia&parent=1510"}],"curies":[{"name":"wp","href":"https:\/\/api.w.org\/{rel}","templated":true}]}}